{"id":44,"date":"2017-03-19T21:28:25","date_gmt":"2017-03-19T20:28:25","guid":{"rendered":"http:\/\/www.cdmjsea95.org\/?page_id=44"},"modified":"2026-02-19T12:10:19","modified_gmt":"2026-02-19T11:10:19","slug":"activites","status":"publish","type":"page","link":"http:\/\/www.cdmjsea95.org\/?page_id=44","title":{"rendered":"ACTIVIT\u00c9S"},"content":{"rendered":"\n<p class=\"has-text-align-center has-pale-ocean-gradient-background has-background has-large-font-size\"><strong>ASSEMBL\u00c9E G\u00c9N\u00c9RALE ORDINAIRE<\/strong><br>Samedi 14 f\u00e9vrier 2026 &#8211; SAINT-OUEN-L&rsquo;AUM\u00d4NE<br>Salle du Conseil &#8211; H\u00f4tel de ville<br>2 Place Pierre Mend\u00e8s France<\/p>\n\n\n\n<figure class=\"wp-block-image size-full is-resized\"><img loading=\"lazy\" decoding=\"async\" width=\"714\" height=\"250\" src=\"https:\/\/www.cdmjsea95.org\/wp-content\/uploads\/2026\/01\/Banniere-mairie.jpg\" alt=\"\" class=\"wp-image-1568\" style=\"width:840px;height:auto\" srcset=\"http:\/\/www.cdmjsea95.org\/wp-content\/uploads\/2026\/01\/Banniere-mairie.jpg 714w, http:\/\/www.cdmjsea95.org\/wp-content\/uploads\/2026\/01\/Banniere-mairie-300x105.jpg 300w\" sizes=\"auto, (max-width: 714px) 100vw, 714px\" \/><\/figure>\n\n\n\n<p class=\"has-background has-medium-font-size\" style=\"background-color:#b4ede673\">Ch\u00e8re Amie, cher Ami,<br>Nous allons nous retrouver pour cl\u00f4turer l&rsquo;ann\u00e9e 2025. Nous allons \u00e9galement f\u00eater les <strong>50 ans<\/strong> du comit\u00e9.<br>Pour ceux qui ne peuvent pas se d\u00e9placer, nous avons instaur\u00e9 le covoiturage. Prenez contact avec le comit\u00e9 ou votre cercle. Toutefois en d&rsquo;absence, pensez \u00e0 nous transmettre le pouvoir. Date butoir fix\u00e9e le <strong>10 f\u00e9vrier<\/strong> <strong>2026<\/strong> (cachet de la poste faisant foi) Pas plus de 3 pouvoirs par adh\u00e9rent.<\/p>\n\n\n\n<p><strong>DOCUMENTS :<\/strong><\/p>\n\n\n\n<ul class=\"wp-block-list\">\n<li class=\"has-background\" style=\"background-color:#f6f2d5;font-size:21px\"><strong><a href=\"http:\/\/www.cdmjsea95.org\/wp-content\/uploads\/2026\/01\/Convoc-AG-SOA-2026.pdf\" target=\"_blank\" rel=\"noreferrer noopener\">Convocation \u00e0 l&rsquo;Assembl\u00e9e G\u00e9n\u00e9rale \u00e0 SAINT-OUEN-L&rsquo;AUM\u00d4NE<\/a><\/strong><\/li>\n\n\n\n<li class=\"has-background\" style=\"background-color:#f6f2d5;font-size:21px\"><strong>Pouvoir et candidature<\/strong><\/li>\n\n\n\n<li class=\"has-background\" style=\"background-color:#f6f2d5;font-size:21px\">I<strong>nscription au repas apr\u00e8s l&rsquo;AG au Parc des Sports <br>possibilit\u00e9 de s&rsquo;inscrire sur HelloAsso ou QRcode (dans le document)<\/strong><\/li>\n\n\n\n<li class=\"has-background\" style=\"background-color:#f6f2d5;font-size:21px\"><strong><a href=\"http:\/\/www.cdmjsea95.org\/wp-content\/uploads\/2026\/02\/CDMJSEA95-Exercice-2025-Resultat-General.pdf\" target=\"_blank\" rel=\"noreferrer noopener\">Compte de r\u00e9sultats au 31 d\u00e9cembre 2025<\/a><\/strong><\/li>\n\n\n\n<li class=\"has-background has-medium-font-size\" style=\"background-color:#f6f2d5\"><strong><a href=\"http:\/\/www.cdmjsea95.org\/wp-content\/uploads\/2026\/02\/CDMJSEA95-Budget-prev-2026-V1.pdf\" target=\"_blank\" rel=\"noreferrer noopener\">Budget provisionnel 2026<\/a><\/strong><\/li>\n\n\n\n<li class=\"has-background\" style=\"background-color:#f6f2d5;font-size:20px\"><strong><a href=\"http:\/\/www.cdmjsea95.org\/wp-content\/uploads\/2026\/02\/PV-AG-250308.pdf\" target=\"_blank\" rel=\"noreferrer noopener\">Compte rendu de l&rsquo;Assembl\u00e9e G\u00e9n\u00e9rale 2025, vot\u00e9 le 14\/02\/2026<\/a><\/strong><br><strong><a href=\"https:\/\/www.cdmjsea95.org\/?page_id=47\" data-type=\"page\" data-id=\"47\">Adh\u00e9sion 2026<\/a><\/strong><a href=\"http:\/\/www.cdmjsea95.org\/wp-content\/uploads\/2026\/01\/Projet-PV-AG-250308-v2.pdf\" target=\"_blank\" rel=\"noreferrer noopener\"><br><\/a><a href=\"https:\/\/photos.app.goo.gl\/HXsgPpCha3fk5FsV9\" target=\"_blank\" rel=\"noreferrer noopener\"><strong>PHOTOS Prises par Yvon, Jeanne et Jacques<\/strong><\/a><br><strong>Pour t\u00e9l\u00e9charger, cliquer sur les textes <\/strong><\/li>\n<\/ul>\n\n\n\n<figure class=\"wp-block-image size-large\"><img loading=\"lazy\" decoding=\"async\" width=\"1024\" height=\"314\" src=\"https:\/\/www.cdmjsea95.org\/wp-content\/uploads\/2026\/01\/Vignette_HelloAsso_repas-1024x314.jpg\" alt=\"\" class=\"wp-image-1571\" srcset=\"http:\/\/www.cdmjsea95.org\/wp-content\/uploads\/2026\/01\/Vignette_HelloAsso_repas-1024x314.jpg 1024w, http:\/\/www.cdmjsea95.org\/wp-content\/uploads\/2026\/01\/Vignette_HelloAsso_repas-300x92.jpg 300w, http:\/\/www.cdmjsea95.org\/wp-content\/uploads\/2026\/01\/Vignette_HelloAsso_repas-768x235.jpg 768w, http:\/\/www.cdmjsea95.org\/wp-content\/uploads\/2026\/01\/Vignette_HelloAsso_repas.jpg 1280w\" sizes=\"auto, (max-width: 1024px) 100vw, 1024px\" \/><\/figure>\n\n\n\n<p><\/p>\n\n\n\n<p><\/p>\n\n\n\n<p><\/p>\n\n\n\n<p><\/p>\n\n\n\n<p class=\"has-text-align-center has-background has-large-font-size\" style=\"background:linear-gradient(135deg,rgb(255,245,203) 13%,rgb(182,227,212) 63%,rgb(51,167,181) 77%)\"><strong>ASSEMBL\u00c9E G\u00c9N\u00c9RALE ORDINAIRE<\/strong><br>Samedi 8 mars 2025 &#8211; MONTSOULT<br>Salle l&rsquo;Or\u00e9e de l&rsquo;Isle &#8211; Parc des Tilleuls<br>18, rue de Pontoise<\/p>\n\n\n\n<figure class=\"wp-block-gallery has-nested-images columns-default is-cropped wp-block-gallery-1 is-layout-flex wp-block-gallery-is-layout-flex\">\n<figure class=\"wp-block-image size-large\"><img loading=\"lazy\" decoding=\"async\" width=\"1024\" height=\"767\" data-id=\"1426\" src=\"https:\/\/www.cdmjsea95.org\/wp-content\/uploads\/2025\/02\/20250209_104735.jpg\" alt=\"\" class=\"wp-image-1426\" srcset=\"http:\/\/www.cdmjsea95.org\/wp-content\/uploads\/2025\/02\/20250209_104735.jpg 1024w, http:\/\/www.cdmjsea95.org\/wp-content\/uploads\/2025\/02\/20250209_104735-300x225.jpg 300w, http:\/\/www.cdmjsea95.org\/wp-content\/uploads\/2025\/02\/20250209_104735-768x575.jpg 768w\" sizes=\"auto, (max-width: 1024px) 100vw, 1024px\" \/><\/figure>\n\n\n\n<figure class=\"wp-block-image size-large\"><img loading=\"lazy\" decoding=\"async\" width=\"1024\" height=\"768\" data-id=\"1425\" src=\"https:\/\/www.cdmjsea95.org\/wp-content\/uploads\/2025\/02\/20250209_104601.jpg\" alt=\"\" class=\"wp-image-1425\" srcset=\"http:\/\/www.cdmjsea95.org\/wp-content\/uploads\/2025\/02\/20250209_104601.jpg 1024w, http:\/\/www.cdmjsea95.org\/wp-content\/uploads\/2025\/02\/20250209_104601-300x225.jpg 300w, http:\/\/www.cdmjsea95.org\/wp-content\/uploads\/2025\/02\/20250209_104601-768x576.jpg 768w\" sizes=\"auto, (max-width: 1024px) 100vw, 1024px\" \/><\/figure>\n\n\n\n<figure class=\"wp-block-image size-large\"><img loading=\"lazy\" decoding=\"async\" width=\"1024\" height=\"567\" data-id=\"1427\" src=\"https:\/\/www.cdmjsea95.org\/wp-content\/uploads\/2025\/02\/Salle-Montsoult-2a-1024x567.jpg\" alt=\"\" class=\"wp-image-1427\" srcset=\"http:\/\/www.cdmjsea95.org\/wp-content\/uploads\/2025\/02\/Salle-Montsoult-2a-1024x567.jpg 1024w, http:\/\/www.cdmjsea95.org\/wp-content\/uploads\/2025\/02\/Salle-Montsoult-2a-300x166.jpg 300w, http:\/\/www.cdmjsea95.org\/wp-content\/uploads\/2025\/02\/Salle-Montsoult-2a-768x426.jpg 768w, http:\/\/www.cdmjsea95.org\/wp-content\/uploads\/2025\/02\/Salle-Montsoult-2a-1536x851.jpg 1536w, http:\/\/www.cdmjsea95.org\/wp-content\/uploads\/2025\/02\/Salle-Montsoult-2a-2048x1135.jpg 2048w\" sizes=\"auto, (max-width: 1024px) 100vw, 1024px\" \/><\/figure>\n<\/figure>\n\n\n\n<p class=\"has-text-align-center has-background\" style=\"background:linear-gradient(135deg,rgb(255,245,203) 0%,rgb(182,213,227) 50%,rgb(51,167,181) 100%)\"><strong>L&rsquo;entr\u00e9e du parking se situe 50m apr\u00e8s le sens interdit<\/strong>, <strong>devant la maison des associations<\/strong><br><strong>suivre l&rsquo;all\u00e9e qui vous conduira \u00e0 la salle<\/strong><\/p>\n\n\n\n<p class=\"has-background\" style=\"background:linear-gradient(135deg,rgb(255,245,203) 0%,rgb(182,213,227) 50%,rgb(51,167,181) 100%)\"><br>Ch\u00e8re Amie, cher Ami,<br>Bient\u00f4t, nous allons nous retrouver pour \u00e9lire \u00e0 cette assembl\u00e9e g\u00e9n\u00e9rale ordinaire une nouvelle Instance Dirigeante. Nous avons besoin pour cela du quorum. <br>Si vous ne pouvez pas vous d\u00e9placer ; pensez \u00e0 transmettre votre pouvoir \u00e0 un Adh\u00e9rent ou envoyez votre pouvoir au Comit\u00e9, date d&rsquo;envoi fix\u00e9e <strong> au 27 f\u00e9vrier 2025<\/strong>. (cachet de la poste faisant foi) Apr\u00e8s cette date, nous risquons de ne pas recevoir votre courrier.<br><strong>ATTENTION : Pas plus de 3 pouvoirs par Adh\u00e9rent<\/strong><br><\/p>\n\n\n\n<p><strong>DOCUMENTS :<\/strong><\/p>\n\n\n\n<ul class=\"wp-block-list has-pale-ocean-gradient-background has-background\">\n<li class=\"has-medium-font-size\" style=\"font-style:normal;font-weight:400\"><strong><a href=\"http:\/\/www.cdmjsea95.org\/wp-content\/uploads\/2025\/02\/Convoc-AG-Montsoult-2025.pdf\" target=\"_blank\" rel=\"noreferrer noopener\">Convocation \u00e0 l&rsquo;Assembl\u00e9e G\u00e9n\u00e9rale Ordinaire \u00e0 MONTSOULT<\/a><\/strong><\/li>\n\n\n\n<li class=\"has-medium-font-size\" style=\"font-style:normal;font-weight:400\"><strong>Pouvoir<\/strong> <strong>et candidature<\/strong><\/li>\n\n\n\n<li class=\"has-medium-font-size\" style=\"font-style:normal;font-weight:500\"><strong>Inscription au repas (apr\u00e8s l&rsquo;AG sur place)<\/strong><br><strong>Avec HelloAsso &#8211; (lien dans le document)<\/strong> &#8211; <strong>QRcode<\/strong><\/li>\n\n\n\n<li class=\"has-medium-font-size\" style=\"font-style:normal;font-weight:500\"><a href=\"http:\/\/www.cdmjsea95.org\/wp-content\/uploads\/2025\/02\/Compte_de_resultat_bilan-2024.pdf\" target=\"_blank\" rel=\"noreferrer noopener\"><strong>Compte de r\u00e9sultat et bilan au 31 d\u00e9cembre 2024 &#8211; pr\u00e9visionnel 2025<\/strong><\/a><\/li>\n\n\n\n<li class=\"has-medium-font-size\" style=\"font-style:normal;font-weight:500\"><a href=\"http:\/\/www.cdmjsea95.org\/wp-content\/uploads\/2025\/02\/Projet-PV-AG-240309.pdf\" target=\"_blank\" rel=\"noreferrer noopener\"><strong>Projet du compte-rendu de l&rsquo;Assembl\u00e9e G\u00e9n\u00e9rale \u00e0 ARNOUVILLE en 2024<\/strong><br><\/a><a href=\"http:\/\/www.cdmjsea95.org\/wp-content\/uploads\/2025\/02\/Compte_de_resultat_bilan-2024.pdf\" target=\"_blank\" rel=\"noreferrer noopener\"><strong><br><\/strong><\/a><strong>Pour t\u00e9l\u00e9charger les documents cliquer sur les textes<\/strong><\/li>\n\n\n\n<li style=\"font-size:29px\"><a href=\"https:\/\/photos.app.goo.gl\/b3pcAWqKE3gWRgs18\" target=\"_blank\" rel=\"noreferrer noopener\"><strong>PHOTOS DE L&rsquo;ASSEMBL\u00c9E G\u00c9N\u00c9RALE &#8211; REPAS &#8211; SAMBO<\/strong><br>                   (En cliquant sur le texte)<\/a><\/li>\n<\/ul>\n\n\n\n<h2 class=\"wp-block-heading has-text-align-center has-pale-ocean-gradient-background has-text-color has-background has-link-color wp-elements-2caca35a895c3655b7d4c67e28d3f95d\" style=\"color:#373d7e\">ASSEMBL\u00c9E G\u00c9N\u00c9RALE ORDINAIRE<br>  Samedi 9 mars 2024 &#8211; ARNOUVILLE  <br>Espace Charles Aznavour<br>Salle l&rsquo;Essentielle<\/h2>\n\n\n\n<p class=\"has-text-align-left has-pale-ocean-gradient-background has-text-color has-background has-link-color wp-elements-0fca6ce3bf2d4fbd61181465c9ac96f6\" style=\"color:#180c6e\">Ch\u00e8re Amie, cher Ami,<br>Nous avons h\u00e2te de vous revoir.<br>Nous nous pr\u00e9parons pour l&rsquo;Assembl\u00e9e G\u00e9n\u00e9rale Ordinaire.<br>Nous devons, pour ouvrir l&rsquo;Assembl\u00e9e G\u00e9n\u00e9rale, obtenir le QUORUM.<br>Si vous ne pouvez pas vous d\u00e9placer ; pensez \u00e0 transmettre votre pouvoir \u00e0 un Adh\u00e9rent ou envoyez votre pouvoir au Comit\u00e9, date d&rsquo;envoi fix\u00e9e <strong>au 1 mars 2024<\/strong>. (cachet de la poste faisant foi)  Apr\u00e8s cette date, nous risquons de ne pas recevoir votre courrier.<br><strong>ATTENTION : Pas plus de 3 pouvoirs par Adh\u00e9rent<\/strong><\/p>\n\n\n\n<pre class=\"wp-block-code has-text-color has-link-color wp-elements-4681364b8267c17d531e0961b1261fd4\" style=\"color:#090830\"><code><strong><em>DOCUMENTS :<\/em><\/strong><\/code><\/pre>\n\n\n\n<ul class=\"wp-block-list has-pale-ocean-gradient-background has-background\">\n<li class=\"has-medium-font-size\" style=\"font-style:normal;font-weight:400\"><strong><a href=\"http:\/\/www.cdmjsea95.org\/wp-content\/uploads\/2024\/02\/Convoc-AG-Arnouville-2024.pdf\" target=\"_blank\" rel=\"noreferrer noopener\">Convocation \u00e0 l&rsquo;Assembl\u00e9e G\u00e9n\u00e9rale Ordinaire \u00e0 ARNOUVILLE<\/a><\/strong>  <\/li>\n\n\n\n<li class=\"has-medium-font-size\" style=\"font-style:normal;font-weight:400\"><strong>Pouvoir<\/strong><\/li>\n\n\n\n<li class=\"has-medium-font-size\" style=\"font-style:normal;font-weight:500\"><strong>Inscription au repas (apr\u00e8s l&rsquo;AG sur place)<\/strong><br><strong>Avec HelloAsso &#8211; cliquer ICI <a href=\"https:\/\/bit.ly\/4bnPagc\" target=\"_blank\" rel=\"noreferrer noopener\"><br><\/a>Inscription repas par courrier &#8211; cliquer ICI<\/strong><br><strong>Documents AG 2023<\/strong><\/li>\n\n\n\n<li class=\"has-medium-font-size\" style=\"font-style:normal;font-weight:400\"><strong><a href=\"http:\/\/www.cdmjsea95.org\/wp-content\/uploads\/2024\/01\/Projet-PV-AG-230311.pdf\" target=\"_blank\" rel=\"noreferrer noopener\">Compte-rendu de l&rsquo;Assembl\u00e9e G\u00e9n\u00e9rale Ordinaire \u00e0 ERMONT en 2023<\/a><\/strong><\/li>\n\n\n\n<li class=\"has-medium-font-size\" style=\"font-style:normal;font-weight:400\"><strong><a href=\"http:\/\/www.cdmjsea95.org\/wp-content\/uploads\/2024\/01\/AG-2022-Rapport-activite.pdf\" target=\"_blank\" rel=\"noreferrer noopener\">Rapport d&rsquo;activit\u00e9 du Secr\u00e9taire G\u00e9n\u00e9ral 2022<\/a><\/strong><\/li>\n\n\n\n<li class=\"has-medium-font-size\"><strong><a href=\"http:\/\/www.cdmjsea95.org\/wp-content\/uploads\/2024\/01\/CResul_2022_Bilan_2022_Prev2023.pdf\" target=\"_blank\" rel=\"noreferrer noopener\">Compte de r\u00e9sultat, bilan 2022, pr\u00e9visionnel 2023<\/a><\/strong><br><br><strong>Pour t\u00e9l\u00e9charger les documents cliquer sur les textes<\/strong><\/li>\n<\/ul>\n\n\n\n<figure class=\"wp-block-gallery has-nested-images columns-default is-cropped wp-block-gallery-2 is-layout-flex wp-block-gallery-is-layout-flex\">\n<figure class=\"wp-block-image size-large\"><img loading=\"lazy\" decoding=\"async\" width=\"240\" height=\"180\" data-id=\"1164\" src=\"https:\/\/www.cdmjsea95.org\/wp-content\/uploads\/2024\/01\/Ch_Aznavour2-2.jpg\" alt=\"\" class=\"wp-image-1164\"\/><\/figure>\n\n\n\n<figure class=\"wp-block-image size-large\"><img loading=\"lazy\" decoding=\"async\" width=\"880\" height=\"519\" data-id=\"1165\" src=\"https:\/\/www.cdmjsea95.org\/wp-content\/uploads\/2024\/01\/espace-charles-aznavour-arnouville-2.jpg\" alt=\"\" class=\"wp-image-1165\" srcset=\"http:\/\/www.cdmjsea95.org\/wp-content\/uploads\/2024\/01\/espace-charles-aznavour-arnouville-2.jpg 880w, http:\/\/www.cdmjsea95.org\/wp-content\/uploads\/2024\/01\/espace-charles-aznavour-arnouville-2-300x177.jpg 300w, http:\/\/www.cdmjsea95.org\/wp-content\/uploads\/2024\/01\/espace-charles-aznavour-arnouville-2-768x453.jpg 768w\" sizes=\"auto, (max-width: 880px) 100vw, 880px\" \/><\/figure>\n\n\n\n<figure class=\"wp-block-image size-large\"><img loading=\"lazy\" decoding=\"async\" width=\"266\" height=\"180\" data-id=\"1166\" src=\"https:\/\/www.cdmjsea95.org\/wp-content\/uploads\/2024\/01\/th-2.jpg\" alt=\"\" class=\"wp-image-1166\" srcset=\"http:\/\/www.cdmjsea95.org\/wp-content\/uploads\/2024\/01\/th-2.jpg 266w, http:\/\/www.cdmjsea95.org\/wp-content\/uploads\/2024\/01\/th-2-220x150.jpg 220w\" sizes=\"auto, (max-width: 266px) 100vw, 266px\" \/><\/figure>\n<\/figure>\n\n\n\n<p><\/p>\n\n\n\n<p><\/p>\n\n\n\n<p><\/p>\n\n\n\n<figure class=\"wp-block-image size-large\"><img loading=\"lazy\" decoding=\"async\" width=\"1024\" height=\"133\" src=\"https:\/\/www.cdmjsea95.org\/wp-content\/uploads\/2024\/02\/Aznavour-Essentielle-t-1024x133.jpg\" alt=\"\" class=\"wp-image-1237\" srcset=\"http:\/\/www.cdmjsea95.org\/wp-content\/uploads\/2024\/02\/Aznavour-Essentielle-t-1024x133.jpg 1024w, http:\/\/www.cdmjsea95.org\/wp-content\/uploads\/2024\/02\/Aznavour-Essentielle-t-300x39.jpg 300w, http:\/\/www.cdmjsea95.org\/wp-content\/uploads\/2024\/02\/Aznavour-Essentielle-t-768x100.jpg 768w, http:\/\/www.cdmjsea95.org\/wp-content\/uploads\/2024\/02\/Aznavour-Essentielle-t-1536x200.jpg 1536w, http:\/\/www.cdmjsea95.org\/wp-content\/uploads\/2024\/02\/Aznavour-Essentielle-t.jpg 1920w\" sizes=\"auto, (max-width: 1024px) 100vw, 1024px\" \/><\/figure>\n\n\n\n<p><\/p>\n\n\n\n<p class=\"has-text-align-center has-black-color has-text-color has-background\" style=\"background-color:#a9dc7a;font-size:2rem\"><strong>ASSEMBL\u00c9E G\u00c9N\u00c9RALE ORDINAIRE <br>samedi 11 mars 2023 &#8211; ERMONT<\/strong><br>Th\u00e9\u00e2tre Pierre Fresnay<br>Salle Yvonne Printemps<\/p>\n\n\n\n<p style=\"font-size:21px\"><strong>DOCUMENTS de l&rsquo;Assembl\u00e9e G\u00e9n\u00e9rale du 11 mars 2023 \u00e0 ERMONT : <\/strong><\/p>\n\n\n\n<ul class=\"wp-block-list\">\n<li><strong><a href=\"https:\/\/drive.google.com\/file\/d\/1D2pNxO7XVwCd8y6_g3OLvITDoB4swp-I\/view?usp=share_link\" target=\"_blank\" rel=\"noreferrer noopener\">Compte-rendu de l&rsquo;Assembl\u00e9e G\u00e9n\u00e9rale 2022 \u00e0 BEAUCHAMP<\/a><\/strong><\/li>\n\n\n\n<li><strong>Convocation \u00e0 l&rsquo;Assembl\u00e9e G\u00e9n\u00e9rale \u00e0 ERMONT<\/strong><\/li>\n\n\n\n<li><strong>Pouvoir <\/strong><\/li>\n\n\n\n<li><strong>Inscription au repas (sur place, apr\u00e8s l&rsquo;AG)<\/strong><\/li>\n<\/ul>\n\n\n\n<p class=\"has-vivid-red-color has-text-color\" style=\"font-size:21px\"><strong>Pour t\u00e9l\u00e9charger le compte-rendu  cliquer sur le texte<\/strong><\/p>\n\n\n\n<figure class=\"wp-block-gallery has-nested-images columns-default is-cropped wp-block-gallery-3 is-layout-flex wp-block-gallery-is-layout-flex\"><\/figure>\n\n\n\n<p><\/p>\n","protected":false},"excerpt":{"rendered":"<p>ASSEMBL\u00c9E G\u00c9N\u00c9RALE ORDINAIRESamedi 14 f\u00e9vrier 2026 &#8211; SAINT-OUEN-L&rsquo;AUM\u00d4NESalle du Conseil &#8211; H\u00f4tel de ville2 Place Pierre Mend\u00e8s France Ch\u00e8re Amie, cher Ami,Nous allons nous retrouver pour cl\u00f4turer l&rsquo;ann\u00e9e 2025. Nous allons \u00e9galement f\u00eater les 50 ans du comit\u00e9.Pour ceux qui ne peuvent pas se d\u00e9placer, nous avons instaur\u00e9 le covoiturage. Prenez contact avec le comit\u00e9 [&hellip;]<\/p>\n","protected":false},"author":1,"featured_media":0,"parent":0,"menu_order":0,"comment_status":"closed","ping_status":"closed","template":"","meta":{"footnotes":""},"class_list":["post-44","page","type-page","status-publish","hentry"],"_links":{"self":[{"href":"http:\/\/www.cdmjsea95.org\/index.php?rest_route=\/wp\/v2\/pages\/44","targetHints":{"allow":["GET"]}}],"collection":[{"href":"http:\/\/www.cdmjsea95.org\/index.php?rest_route=\/wp\/v2\/pages"}],"about":[{"href":"http:\/\/www.cdmjsea95.org\/index.php?rest_route=\/wp\/v2\/types\/page"}],"author":[{"embeddable":true,"href":"http:\/\/www.cdmjsea95.org\/index.php?rest_route=\/wp\/v2\/users\/1"}],"replies":[{"embeddable":true,"href":"http:\/\/www.cdmjsea95.org\/index.php?rest_route=%2Fwp%2Fv2%2Fcomments&post=44"}],"version-history":[{"count":83,"href":"http:\/\/www.cdmjsea95.org\/index.php?rest_route=\/wp\/v2\/pages\/44\/revisions"}],"predecessor-version":[{"id":1615,"href":"http:\/\/www.cdmjsea95.org\/index.php?rest_route=\/wp\/v2\/pages\/44\/revisions\/1615"}],"wp:attachment":[{"href":"http:\/\/www.cdmjsea95.org\/index.php?rest_route=%2Fwp%2Fv2%2Fmedia&parent=44"}],"curies":[{"name":"wp","href":"https:\/\/api.w.org\/{rel}","templated":true}]}}